{"id":365,"date":"2018-04-18T18:45:34","date_gmt":"2018-04-18T16:45:34","guid":{"rendered":"http:\/\/www.ecom4children.eu\/?page_id=365"},"modified":"2018-11-07T18:19:09","modified_gmt":"2018-11-07T17:19:09","slug":"el-proyecto","status":"publish","type":"page","link":"https:\/\/www.ecom4children.eu\/es\/el-proyecto\/","title":{"rendered":"El proyecto"},"content":{"rendered":"<p>{\u00abmain-title\u00bb:{\u00abcomponent\u00bb:\u00bbhc_title\u00bb,\u00bbid\u00bb:\u00bbmain-title\u00bb,\u00bbsubtitle\u00bb:\u00bb\u00bb,\u00bbtitle_content\u00bb:{\u00abcomponent\u00bb:\u00bbhc_title_base\u00bb,\u00bbid\u00bb:\u00bbtitle-base\u00bb,\u00bbimage\u00bb:\u00bbhttp:\/\/www.ecom4children.eu\/wp-content\/uploads\/2018\/04\/fondo-color-1024&#215;427.jpg|800|1920|366&#8243;,\u00bbbreadcrumbs\u00bb:false,\u00bbwhite\u00bb:false},\u00bbtitle\u00bb:\u00bbEl proyecto\u00bb},\u00bbsection_5ZtkF\u00bb:{\u00abcomponent\u00bb:\u00bbhc_section\u00bb,\u00bbid\u00bb:\u00bbsection_5ZtkF\u00bb,\u00bbsection_width\u00bb:\u00bb\u00bb,\u00bbanimation\u00bb:\u00bb\u00bb,\u00bbanimation_time\u00bb:\u00bb\u00bb,\u00bbtimeline_animation\u00bb:\u00bb\u00bb,\u00bbtimeline_delay\u00bb:\u00bb\u00bb,\u00bbtimeline_order\u00bb:\u00bb\u00bb,\u00bbvertical_row\u00bb:\u00bb\u00bb,\u00bbbox_middle\u00bb:\u00bb\u00bb,\u00bbcss_classes\u00bb:\u00bb\u00bb,\u00bbcustom_css_classes\u00bb:\u00bb\u00bb,\u00bbcustom_css_styles\u00bb:\u00bb\u00bb,\u00bbsection_content\u00bb:[{\u00abcomponent\u00bb:\u00bbhc_column\u00bb,\u00bbid\u00bb:\u00bbcolumn_zZASp\u00bb,\u00bbcolumn_width\u00bb:\u00bbcol-md-4&#8243;,\u00bbanimation\u00bb:\u00bb\u00bb,\u00bbanimation_time\u00bb:\u00bb\u00bb,\u00bbtimeline_animation\u00bb:\u00bb\u00bb,\u00bbtimeline_delay\u00bb:\u00bb\u00bb,\u00bbtimeline_order\u00bb:\u00bb\u00bb,\u00bbcss_classes\u00bb:\u00bb\u00bb,\u00bbcustom_css_classes\u00bb:\u00bb\u00bb,\u00bbcustom_css_styles\u00bb:\u00bb\u00bb,\u00bbmain_content\u00bb:[{\u00abcomponent\u00bb:\u00bbhc_content_box\u00bb,\u00bbid\u00bb:\u00bbtASW0&#8243;,\u00bbcss_classes\u00bb:\u00bb\u00bb,\u00bbcustom_css_classes\u00bb:\u00bb\u00bb,\u00bbcustom_css_styles\u00bb:\u00bb\u00bb,\u00bbimage\u00bb:\u00bb\u00bb,\u00bbtitle\u00bb:\u00bbEl proyecto\u00bb,\u00bbicon\u00bb:\u00bbim-idea-5&#8243;,\u00bbicon_style\u00bb:\u00bb\u00bb,\u00bbicon_image\u00bb:\u00bb\u00bb,\u00bbbox_style\u00bb:\u00bbtop_icon\u00bb,\u00bbboxed\u00bb:true,\u00bbboxed_inverse\u00bb:false,\u00bbbutton_text\u00bb:\u00bbErasmus+\u00bb,\u00bbbutton_style\u00bb:\u00bbcircle\u00bb,\u00bbbutton_dimensions\u00bb:\u00bb\u00bb,\u00bbbutton_animation\u00bb:false,\u00bbextra_content\u00bb:\u00bb\u00bb,\u00bbextra_content_2&#8243;:\u00bb\u00bb,\u00bbtext\u00bb:\u00bbe-COM 4 CHILDREN es un proyecto transnacional, financiado por el Programa Erasmus + de la Comisi\u00f3n Europea, que tiene como objetivo desarrollar recursos educativos abiertos TIC sobre comercio electr\u00f3nico de productos infantiles seguros, como juguetes, mobiliario infantil o art\u00edculos de puericultura. \u00ab,\u00bblink_type\u00bb:\u00bbclassic\u00bb,\u00bblightbox_animation\u00bb:\u00bb\u00bb,\u00bbcaption\u00bb:\u00bb\u00bb,\u00bbinner_caption\u00bb:false,\u00bbnew_window\u00bb:true,\u00bblink\u00bb:\u00bbhttps:\/\/ec.europa.eu\/programmes\/erasmus-plus\/projects\/eplus-project-details\/#project\/2017-1-ES01-KA202-038232&#8243;,\u00bblink_content\u00bb:[],\u00bblightbox_size\u00bb:\u00bb\u00bb,\u00bbscrollbox\u00bb:false}]},{\u00abcomponent\u00bb:\u00bbhc_column\u00bb,\u00bbid\u00bb:\u00bbcolumn_lrxDb\u00bb,\u00bbcolumn_width\u00bb:\u00bbcol-md-4&#8243;,\u00bbanimation\u00bb:\u00bb\u00bb,\u00bbanimation_time\u00bb:\u00bb\u00bb,\u00bbtimeline_animation\u00bb:\u00bb\u00bb,\u00bbtimeline_delay\u00bb:\u00bb\u00bb,\u00bbtimeline_order\u00bb:\u00bb\u00bb,\u00bbcss_classes\u00bb:\u00bb\u00bb,\u00bbcustom_css_classes\u00bb:\u00bb\u00bb,\u00bbcustom_css_styles\u00bb:\u00bb\u00bb,\u00bbmain_content\u00bb:[{\u00abcomponent\u00bb:\u00bbhc_content_box\u00bb,\u00bbid\u00bb:\u00bb7ff2K\u00bb,\u00bbcss_classes\u00bb:\u00bb\u00bb,\u00bbcustom_css_classes\u00bb:\u00bb\u00bb,\u00bbcustom_css_styles\u00bb:\u00bb\u00bb,\u00bbimage\u00bb:\u00bb\u00bb,\u00bbtitle\u00bb:\u00bbGrupos objetivo\u00bb,\u00bbicon\u00bb:\u00bbim-business-manwoman\u00bb,\u00bbicon_style\u00bb:\u00bb\u00bb,\u00bbicon_image\u00bb:\u00bb\u00bb,\u00bbbox_style\u00bb:\u00bbtop_icon\u00bb,\u00bbboxed\u00bb:true,\u00bbboxed_inverse\u00bb:false,\u00bbbutton_text\u00bb:\u00bb\u00bb,\u00bbbutton_style\u00bb:\u00bbcircle\u00bb,\u00bbbutton_dimensions\u00bb:\u00bb\u00bb,\u00bbbutton_animation\u00bb:false,\u00bbextra_content\u00bb:\u00bb\u00bb,\u00bbextra_content_2&#8243;:\u00bb\u00bb,\u00bbtext\u00bb:\u00bbEsta formaci\u00f3n ser\u00e1 complementaria a otro tipo de educaci\u00f3n formal sobre marketing digital, con los siguientes grupos objetivo: industria de los productos infantiles (especialmente pyme), organizaciones de consumidores y autoridades responsables en materia de consumo.\u00bb,\u00bblink_type\u00bb:\u00bbclassic\u00bb,\u00bblightbox_animation\u00bb:\u00bb\u00bb,\u00bbcaption\u00bb:\u00bb\u00bb,\u00bbinner_caption\u00bb:false,\u00bbnew_window\u00bb:false,\u00bblink\u00bb:\u00bb\u00bb,\u00bblink_content\u00bb:[],\u00bblightbox_size\u00bb:\u00bb\u00bb,\u00bbscrollbox\u00bb:false}]},{\u00abcomponent\u00bb:\u00bbhc_column\u00bb,\u00bbid\u00bb:\u00bbcolumn_Ixoih\u00bb,\u00bbcolumn_width\u00bb:\u00bbcol-md-4&#8243;,\u00bbanimation\u00bb:\u00bb\u00bb,\u00bbanimation_time\u00bb:\u00bb\u00bb,\u00bbtimeline_animation\u00bb:\u00bb\u00bb,\u00bbtimeline_delay\u00bb:\u00bb\u00bb,\u00bbtimeline_order\u00bb:\u00bb\u00bb,\u00bbcss_classes\u00bb:\u00bb\u00bb,\u00bbcustom_css_classes\u00bb:\u00bb\u00bb,\u00bbcustom_css_styles\u00bb:\u00bb\u00bb,\u00bbmain_content\u00bb:[{\u00abcomponent\u00bb:\u00bbhc_content_box\u00bb,\u00bbid\u00bb:\u00bbb5ynY\u00bb,\u00bbcss_classes\u00bb:\u00bb\u00bb,\u00bbcustom_css_classes\u00bb:\u00bb\u00bb,\u00bbcustom_css_styles\u00bb:\u00bb\u00bb,\u00bbimage\u00bb:\u00bb\u00bb,\u00bbtitle\u00bb:\u00bbProp\u00f3sito\u00bb,\u00bbicon\u00bb:\u00bbim-add-cart\u00bb,\u00bbicon_style\u00bb:\u00bb\u00bb,\u00bbicon_image\u00bb:\u00bb\u00bb,\u00bbbox_style\u00bb:\u00bbtop_icon\u00bb,\u00bbboxed\u00bb:true,\u00bbboxed_inverse\u00bb:false,\u00bbbutton_text\u00bb:\u00bb\u00bb,\u00bbbutton_style\u00bb:\u00bbcircle\u00bb,\u00bbbutton_dimensions\u00bb:\u00bb\u00bb,\u00bbbutton_animation\u00bb:false,\u00bbextra_content\u00bb:\u00bb\u00bb,\u00bbextra_content_2&#8243;:\u00bb\u00bb,\u00bbtext\u00bb:\u00bbSer capaz de vender y comprar productos online ofrece muchas oportunidades para empresas y consumidores. Los consumidores se benefician de una mayor gama de productos a precios competitivos y las empresas con menos recursos pueden acceder a m\u00e1s consumidores, del mercado nacional e internacional. \u00ab,\u00bblink_type\u00bb:\u00bbclassic\u00bb,\u00bblightbox_animation\u00bb:\u00bb\u00bb,\u00bbcaption\u00bb:\u00bb\u00bb,\u00bbinner_caption\u00bb:false,\u00bbnew_window\u00bb:false,\u00bblink\u00bb:\u00bb\u00bb,\u00bblink_content\u00bb:[],\u00bblightbox_size\u00bb:\u00bb\u00bb,\u00bbscrollbox\u00bb:false}]}],\u00bbsection_settings\u00bb:\u00bb\u00bb},\u00bbcolumn_F9am0&#8243;:{\u00abid\u00bb:\u00bbcolumn_F9am0&#8243;,\u00bbmain_content\u00bb:{\u00abcomponent\u00bb:\u00bbhc_content_box\u00bb,\u00bbid\u00bb:\u00bb7ff2K\u00bb,\u00bbcss_classes\u00bb:\u00bb\u00bb,\u00bbcustom_css_classes\u00bb:\u00bb\u00bb,\u00bbcustom_css_styles\u00bb:\u00bb\u00bb,\u00bbimage\u00bb:\u00bb\u00bb,\u00bbtitle\u00bb:\u00bbGrupos objetivo\u00bb,\u00bbicon\u00bb:\u00bbim-business-manwoman\u00bb,\u00bbicon_style\u00bb:\u00bb\u00bb,\u00bbicon_image\u00bb:\u00bb\u00bb,\u00bbbox_style\u00bb:\u00bbtop_icon\u00bb,\u00bbboxed\u00bb:true,\u00bbboxed_inverse\u00bb:false,\u00bbbutton_text\u00bb:\u00bb\u00bb,\u00bbbutton_style\u00bb:\u00bbcircle\u00bb,\u00bbbutton_dimensions\u00bb:\u00bb\u00bb,\u00bbbutton_animation\u00bb:false,\u00bbextra_content\u00bb:\u00bb\u00bb,\u00bbextra_content_2&#8243;:\u00bb\u00bb,\u00bbtext\u00bb:\u00bbEsta formaci\u00f3n ser\u00e1 complementaria a otro tipo de educaci\u00f3n formal sobre marketing digital, con los siguientes grupos objetivo: industria de los productos infantiles (especialmente pyme), organizaciones de consumidores y autoridades responsables en materia de consumo.\u00bb,\u00bblink_type\u00bb:\u00bbclassic\u00bb,\u00bblightbox_animation\u00bb:\u00bb\u00bb,\u00bbcaption\u00bb:\u00bb\u00bb,\u00bbinner_caption\u00bb:false,\u00bbnew_window\u00bb:false,\u00bblink\u00bb:\u00bb\u00bb,\u00bblink_content\u00bb:[],\u00bblightbox_size\u00bb:\u00bb\u00bb,\u00bbscrollbox\u00bb:false}},\u00bbPdq9Q\u00bb:{\u00abid\u00bb:\u00bbPdq9Q\u00bb,\u00bbmain_content\u00bb:{\u00abcomponent\u00bb:\u00bbhc_content_box\u00bb,\u00bbid\u00bb:\u00bbb5ynY\u00bb,\u00bbcss_classes\u00bb:\u00bb\u00bb,\u00bbcustom_css_classes\u00bb:\u00bb\u00bb,\u00bbcustom_css_styles\u00bb:\u00bb\u00bb,\u00bbimage\u00bb:\u00bb\u00bb,\u00bbtitle\u00bb:\u00bbProp\u00f3sito\u00bb,\u00bbicon\u00bb:\u00bbim-add-cart\u00bb,\u00bbicon_style\u00bb:\u00bb\u00bb,\u00bbicon_image\u00bb:\u00bb\u00bb,\u00bbbox_style\u00bb:\u00bbtop_icon\u00bb,\u00bbboxed\u00bb:true,\u00bbboxed_inverse\u00bb:false,\u00bbbutton_text\u00bb:\u00bb\u00bb,\u00bbbutton_style\u00bb:\u00bbcircle\u00bb,\u00bbbutton_dimensions\u00bb:\u00bb\u00bb,\u00bbbutton_animation\u00bb:false,\u00bbextra_content\u00bb:\u00bb\u00bb,\u00bbextra_content_2&#8243;:\u00bb\u00bb,\u00bbtext\u00bb:\u00bbSer capaz de vender y comprar productos online ofrece muchas oportunidades para empresas y consumidores. Los consumidores se benefician de una mayor gama de productos a precios competitivos y las empresas con menos recursos pueden acceder a m\u00e1s consumidores, del mercado nacional e internacional. \u00ab,\u00bblink_type\u00bb:\u00bbclassic\u00bb,\u00bblightbox_animation\u00bb:\u00bb\u00bb,\u00bbcaption\u00bb:\u00bb\u00bb,\u00bbinner_caption\u00bb:false,\u00bbnew_window\u00bb:false,\u00bblink\u00bb:\u00bb\u00bb,\u00bblink_content\u00bb:[],\u00bblightbox_size\u00bb:\u00bb\u00bb,\u00bbscrollbox\u00bb:false}},\u00bbsection_Y6y2y\u00bb:{\u00abcomponent\u00bb:\u00bbhc_section\u00bb,\u00bbid\u00bb:\u00bbsection_Y6y2y\u00bb,\u00bbsection_width\u00bb:\u00bb\u00bb,\u00bbanimation\u00bb:\u00bb\u00bb,\u00bbanimation_time\u00bb:\u00bb\u00bb,\u00bbtimeline_animation\u00bb:\u00bb\u00bb,\u00bbtimeline_delay\u00bb:\u00bb\u00bb,\u00bbtimeline_order\u00bb:\u00bb\u00bb,\u00bbvertical_row\u00bb:\u00bb\u00bb,\u00bbbox_middle\u00bb:\u00bb\u00bb,\u00bbcss_classes\u00bb:\u00bbno-paddings-y \u00ab,\u00bbcustom_css_classes\u00bb:\u00bb\u00bb,\u00bbcustom_css_styles\u00bb:\u00bb\u00bb,\u00bbsection_content\u00bb:[{\u00abcomponent\u00bb:\u00bbhc_column\u00bb,\u00bbid\u00bb:\u00bbcolumn_xDO3l\u00bb,\u00bbcolumn_width\u00bb:\u00bbcol-md-9&#8243;,\u00bbanimation\u00bb:\u00bb\u00bb,\u00bbanimation_time\u00bb:\u00bb\u00bb,\u00bbtimeline_animation\u00bb:\u00bb\u00bb,\u00bbtimeline_delay\u00bb:\u00bb\u00bb,\u00bbtimeline_order\u00bb:\u00bb\u00bb,\u00bbcss_classes\u00bb:\u00bb\u00bb,\u00bbcustom_css_classes\u00bb:\u00bb\u00bb,\u00bbcustom_css_styles\u00bb:\u00bb\u00bb,\u00bbmain_content\u00bb:[{\u00abcomponent\u00bb:\u00bbhc_quote\u00bb,\u00bbid\u00bb:\u00bboM0OM\u00bb,\u00bbcss_classes\u00bb:\u00bb\u00bb,\u00bbcustom_css_classes\u00bb:\u00bb\u00bb,\u00bbcustom_css_styles\u00bb:\u00bb\u00bb,\u00bbtext\u00bb:\u00bbEl objetivo final del proyecto es mejorar las competencias clave del personal de los grupos objetivo y otras partes interesadas para que puedan beneficiarse as\u00ed del Mercado \u00danico Europeo. \u00ab,\u00bbstyle\u00bb:\u00bbdouble_quote\u00bb,\u00bbauthor\u00bb:\u00bb\u00bb}]},{\u00abcomponent\u00bb:\u00bbhc_column\u00bb,\u00bbid\u00bb:\u00bbcolumn_lbAYf\u00bb,\u00bbcolumn_width\u00bb:\u00bbcol-md-3&#8243;,\u00bbanimation\u00bb:\u00bbfade-left\u00bb,\u00bbanimation_time\u00bb:\u00bb\u00bb,\u00bbtimeline_animation\u00bb:\u00bbfalse\u00bb,\u00bbtimeline_delay\u00bb:\u00bb\u00bb,\u00bbtimeline_order\u00bb:\u00bb\u00bb,\u00bbcss_classes\u00bb:\u00bb\u00bb,\u00bbcustom_css_classes\u00bb:\u00bb\u00bb,\u00bbcustom_css_styles\u00bb:\u00bb\u00bb,\u00bbmain_content\u00bb:[{\u00abcomponent\u00bb:\u00bbhc_image\u00bb,\u00bbid\u00bb:\u00bbcI7Rz\u00bb,\u00bbcss_classes\u00bb:\u00bb\u00bb,\u00bbcustom_css_classes\u00bb:\u00bb\u00bb,\u00bbcustom_css_styles\u00bb:\u00bb\u00bb,\u00bbimage\u00bb:\u00bbhttp:\/\/www.ecom4children.eu\/wp-content\/uploads\/2018\/04\/logo-ecom4children-retina.png|97|301|125&#8243;,\u00bbalt\u00bb:\u00bb\u00bb,\u00bbthumb_size\u00bb:\u00bblarge\u00bb}]},{\u00abcomponent\u00bb:\u00bbhc_separator\u00bb,\u00bbid\u00bb:\u00bbX41Rx\u00bb,\u00bbcss_classes\u00bb:\u00bb\u00bb,\u00bbcustom_css_classes\u00bb:\u00bb\u00bb,\u00bbcustom_css_styles\u00bb:\u00bb\u00bb,\u00bbstyle\u00bb:\u00bb\u00bb}],\u00bbsection_settings\u00bb:\u00bb\u00bb},\u00bbsection_zSYkN\u00bb:{\u00abcomponent\u00bb:\u00bbhc_section\u00bb,\u00bbid\u00bb:\u00bbsection_zSYkN\u00bb,\u00bbsection_width\u00bb:\u00bb\u00bb,\u00bbanimation\u00bb:\u00bb\u00bb,\u00bbanimation_time\u00bb:\u00bb\u00bb,\u00bbtimeline_animation\u00bb:\u00bb\u00bb,\u00bbtimeline_delay\u00bb:\u00bb\u00bb,\u00bbtimeline_order\u00bb:\u00bb\u00bb,\u00bbvertical_row\u00bb:\u00bb\u00bb,\u00bbbox_middle\u00bb:\u00bb\u00bb,\u00bbcss_classes\u00bb:\u00bbsection-bg-color \u00ab,\u00bbcustom_css_classes\u00bb:\u00bb\u00bb,\u00bbcustom_css_styles\u00bb:\u00bb\u00bb,\u00bbsection_content\u00bb:[{\u00abcomponent\u00bb:\u00bbhc_column\u00bb,\u00bbid\u00bb:\u00bbcolumn_pvFB8&#8243;,\u00bbcolumn_width\u00bb:\u00bbcol-md-12&#8243;,\u00bbanimation\u00bb:\u00bb\u00bb,\u00bbanimation_time\u00bb:\u00bb\u00bb,\u00bbtimeline_animation\u00bb:\u00bb\u00bb,\u00bbtimeline_delay\u00bb:\u00bb\u00bb,\u00bbtimeline_order\u00bb:\u00bb\u00bb,\u00bbcss_classes\u00bb:\u00bb\u00bb,\u00bbcustom_css_classes\u00bb:\u00bb\u00bb,\u00bbcustom_css_styles\u00bb:\u00bb\u00bb,\u00bbmain_content\u00bb:[{\u00abcomponent\u00bb:\u00bbhc_title_tag\u00bb,\u00bbid\u00bb:\u00bbfWbcB\u00bb,\u00bbcss_classes\u00bb:\u00bbtext-center \u00ab,\u00bbcustom_css_classes\u00bb:\u00bb\u00bb,\u00bbcustom_css_styles\u00bb:\u00bb\u00bb,\u00bbtext\u00bb:\u00bbPrincipales resultados del proyecto\u00bb,\u00bbtag\u00bb:\u00bbh2&#8243;},{\u00abcomponent\u00bb:\u00bbhc_space\u00bb,\u00bbid\u00bb:\u00bbBNJiq\u00bb,\u00bbcss_classes\u00bb:\u00bb\u00bb,\u00bbcustom_css_classes\u00bb:\u00bb\u00bb,\u00bbcustom_css_styles\u00bb:\u00bb\u00bb,\u00bbsize\u00bb:\u00bbs\u00bb,\u00bbheight\u00bb:\u00bb\u00bb},{\u00abcomponent\u00bb:\u00bbhc_title_tag\u00bb,\u00bbid\u00bb:\u00bbFItTE\u00bb,\u00bbcss_classes\u00bb:\u00bbtext-center \u00ab,\u00bbcustom_css_classes\u00bb:\u00bb\u00bb,\u00bbcustom_css_styles\u00bb:\u00bb\u00bb,\u00bbtext\u00bb:\u00bbTres productos intelectuales \u00ab,\u00bbtag\u00bb:\u00bbh3&#8243;}]},{\u00abcomponent\u00bb:\u00bbhc_column\u00bb,\u00bbid\u00bb:\u00bbcolumn_1pJ5j\u00bb,\u00bbcolumn_width\u00bb:\u00bbcol-md-4&#8243;,\u00bbanimation\u00bb:\u00bb\u00bb,\u00bbanimation_time\u00bb:\u00bb\u00bb,\u00bbtimeline_animation\u00bb:\u00bb\u00bb,\u00bbtimeline_delay\u00bb:\u00bb\u00bb,\u00bbtimeline_order\u00bb:\u00bb\u00bb,\u00bbcss_classes\u00bb:\u00bb\u00bb,\u00bbcustom_css_classes\u00bb:\u00bb\u00bb,\u00bbcustom_css_styles\u00bb:\u00bb\u00bb,\u00bbmain_content\u00bb:[{\u00abcomponent\u00bb:\u00bbhc_icon_box\u00bb,\u00bbid\u00bb:\u00bbE1P4M\u00bb,\u00bbcss_classes\u00bb:\u00bb\u00bb,\u00bbcustom_css_classes\u00bb:\u00bb\u00bb,\u00bbcustom_css_styles\u00bb:\u00bb\u00bb,\u00bbicon\u00bb:\u00bbim-upload-tocloud\u00bb,\u00bbicon_style\u00bb:\u00bb\u00bb,\u00bbicon_image\u00bb:\u00bb\u00bb,\u00bbicon_position\u00bb:\u00bbtop\u00bb,\u00bbicon_size\u00bb:\u00bbtext-xl\u00bb,\u00bbtitle_size\u00bb:\u00bbtext-m\u00bb,\u00bbtext_size\u00bb:\u00bb-\u00ab,\u00bbtitle\u00bb:\u00bbMOOC adaptativo\u00bb,\u00bbsubtitle\u00bb:\u00bbcurso online, abierto y adaptativo, en formato MOOC, donde el itinerario de formaci\u00f3n se ajustar\u00e1 a las caracter\u00edsticas de los estudiantes individualmente y a su ritmo de ejecuci\u00f3n y aprendizaje.\u00bb}]},{\u00abcomponent\u00bb:\u00bbhc_column\u00bb,\u00bbid\u00bb:\u00bbcolumn_uNF9A\u00bb,\u00bbcolumn_width\u00bb:\u00bbcol-md-4&#8243;,\u00bbanimation\u00bb:\u00bb\u00bb,\u00bbanimation_time\u00bb:\u00bb\u00bb,\u00bbtimeline_animation\u00bb:\u00bb\u00bb,\u00bbtimeline_delay\u00bb:\u00bb\u00bb,\u00bbtimeline_order\u00bb:\u00bb\u00bb,\u00bbcss_classes\u00bb:\u00bb\u00bb,\u00bbcustom_css_classes\u00bb:\u00bb\u00bb,\u00bbcustom_css_styles\u00bb:\u00bb\u00bb,\u00bbmain_content\u00bb:[{\u00abcomponent\u00bb:\u00bbhc_icon_box\u00bb,\u00bbid\u00bb:\u00bb17udl\u00bb,\u00bbcss_classes\u00bb:\u00bb\u00bb,\u00bbcustom_css_classes\u00bb:\u00bb\u00bb,\u00bbcustom_css_styles\u00bb:\u00bb\u00bb,\u00bbicon\u00bb:\u00bbim-drag-up\u00bb,\u00bbicon_style\u00bb:\u00bb\u00bb,\u00bbicon_image\u00bb:\u00bb\u00bb,\u00bbicon_position\u00bb:\u00bbtop\u00bb,\u00bbicon_size\u00bb:\u00bbtext-xl\u00bb,\u00bbtitle_size\u00bb:\u00bbtext-m\u00bb,\u00bbtext_size\u00bb:\u00bb-\u00ab,\u00bbtitle\u00bb:\u00bbComic interactivo\u00bb,\u00bbsubtitle\u00bb:\u00bbdirigido al personal de las asociaciones de consumidores para su difusi\u00f3n entre los consumidores finales. \u00ab}]},{\u00abcomponent\u00bb:\u00bbhc_column\u00bb,\u00bbid\u00bb:\u00bbcolumn_qy6ud\u00bb,\u00bbcolumn_width\u00bb:\u00bbcol-md-4&#8243;,\u00bbanimation\u00bb:\u00bb\u00bb,\u00bbanimation_time\u00bb:\u00bb\u00bb,\u00bbtimeline_animation\u00bb:\u00bb\u00bb,\u00bbtimeline_delay\u00bb:\u00bb\u00bb,\u00bbtimeline_order\u00bb:\u00bb\u00bb,\u00bbcss_classes\u00bb:\u00bb\u00bb,\u00bbcustom_css_classes\u00bb:\u00bb\u00bb,\u00bbcustom_css_styles\u00bb:\u00bb\u00bb,\u00bbmain_content\u00bb:[{\u00abcomponent\u00bb:\u00bbhc_icon_box\u00bb,\u00bbid\u00bb:\u00bbEShhd\u00bb,\u00bbcss_classes\u00bb:\u00bb\u00bb,\u00bbcustom_css_classes\u00bb:\u00bb\u00bb,\u00bbcustom_css_styles\u00bb:\u00bb\u00bb,\u00bbicon\u00bb:\u00bbim-video-4&#8243;,\u00bbicon_style\u00bb:\u00bb\u00bb,\u00bbicon_image\u00bb:\u00bb\u00bb,\u00bbicon_position\u00bb:\u00bbtop\u00bb,\u00bbicon_size\u00bb:\u00bbtext-xl\u00bb,\u00bbtitle_size\u00bb:\u00bbtext-m\u00bb,\u00bbtext_size\u00bb:\u00bb-\u00ab,\u00bbtitle\u00bb:\u00bbMateriales formativos\u00bb,\u00bbsubtitle\u00bb:\u00bbcompendio de lecciones en formato video, textos, fotograf\u00edas, actividades, preguntas de examen, etc. que combinan teor\u00eda y pr\u00e1ctica de los aspectos clave del comercio electr\u00f3nico de productos infantiles.\u00bb}]}],\u00bbsection_settings\u00bb:\u00bb\u00bb},\u00bbcolumn_YG3RG\u00bb:{\u00abid\u00bb:\u00bbcolumn_YG3RG\u00bb,\u00bbmain_content\u00bb:{\u00abcomponent\u00bb:\u00bbhc_space\u00bb,\u00bbid\u00bb:\u00bbBNJiq\u00bb,\u00bbcss_classes\u00bb:\u00bb\u00bb,\u00bbcustom_css_classes\u00bb:\u00bb\u00bb,\u00bbcustom_css_styles\u00bb:\u00bb\u00bb,\u00bbsize\u00bb:\u00bbs\u00bb,\u00bbheight\u00bb:\u00bb\u00bb}},\u00bbsection_mQFMW\u00bb:{\u00abcomponent\u00bb:\u00bbhc_section\u00bb,\u00bbid\u00bb:\u00bbsection_mQFMW\u00bb,\u00bbsection_width\u00bb:\u00bb\u00bb,\u00bbanimation\u00bb:\u00bb\u00bb,\u00bbanimation_time\u00bb:\u00bb\u00bb,\u00bbtimeline_animation\u00bb:\u00bb\u00bb,\u00bbtimeline_delay\u00bb:\u00bb\u00bb,\u00bbtimeline_order\u00bb:\u00bb\u00bb,\u00bbvertical_row\u00bb:\u00bb\u00bb,\u00bbbox_middle\u00bb:\u00bb\u00bb,\u00bbcss_classes\u00bb:\u00bbno-paddings \u00ab,\u00bbcustom_css_classes\u00bb:\u00bb\u00bb,\u00bbcustom_css_styles\u00bb:\u00bb\u00bb,\u00bbsection_content\u00bb:[{\u00abcomponent\u00bb:\u00bbhc_column\u00bb,\u00bbid\u00bb:\u00bbcolumn_u1HYo\u00bb,\u00bbcolumn_width\u00bb:\u00bbcol-md-12&#8243;,\u00bbanimation\u00bb:\u00bb\u00bb,\u00bbanimation_time\u00bb:\u00bb\u00bb,\u00bbtimeline_animation\u00bb:\u00bb\u00bb,\u00bbtimeline_delay\u00bb:\u00bb\u00bb,\u00bbtimeline_order\u00bb:\u00bb\u00bb,\u00bbcss_classes\u00bb:\u00bb\u00bb,\u00bbcustom_css_classes\u00bb:\u00bb\u00bb,\u00bbcustom_css_styles\u00bb:\u00bb\u00bb,\u00bbmain_content\u00bb:[{\u00abcomponent\u00bb:\u00bbhc_title_tag\u00bb,\u00bbid\u00bb:\u00bb5ukyB\u00bb,\u00bbcss_classes\u00bb:\u00bbtext-center \u00ab,\u00bbcustom_css_classes\u00bb:\u00bb\u00bb,\u00bbcustom_css_styles\u00bb:\u00bb\u00bb,\u00bbtext\u00bb:\u00bbCaracter\u00edsticas\u00bb,\u00bbtag\u00bb:\u00bbh2&#8243;}]},{\u00abcomponent\u00bb:\u00bbhc_column\u00bb,\u00bbid\u00bb:\u00bbcolumn_iKiTl\u00bb,\u00bbcolumn_width\u00bb:\u00bbcol-md-6&#8243;,\u00bbanimation\u00bb:\u00bb\u00bb,\u00bbanimation_time\u00bb:\u00bb\u00bb,\u00bbtimeline_animation\u00bb:\u00bbfalse\u00bb,\u00bbtimeline_delay\u00bb:\u00bb\u00bb,\u00bbtimeline_order\u00bb:\u00bb\u00bb,\u00bbcss_classes\u00bb:\u00bbno-paddings-y no-margins \u00ab,\u00bbcustom_css_classes\u00bb:\u00bb\u00bb,\u00bbcustom_css_styles\u00bb:\u00bb\u00bb,\u00bbmain_content\u00bb:[{\u00abcomponent\u00bb:\u00bbhc_image\u00bb,\u00bbid\u00bb:\u00bbHIuEO\u00bb,\u00bbcss_classes\u00bb:\u00bb\u00bb,\u00bbcustom_css_classes\u00bb:\u00bb\u00bb,\u00bbcustom_css_styles\u00bb:\u00bb\u00bb,\u00bbimage\u00bb:\u00bbhttp:\/\/www.ecom4children.eu\/wp-content\/uploads\/2018\/04\/xiquet-nino-1024&#215;685.jpg|787|1176|371&#8243;,\u00bbalt\u00bb:\u00bb\u00bb,\u00bbthumb_size\u00bb:\u00bblarge\u00bb}]},{\u00abcomponent\u00bb:\u00bbhc_column\u00bb,\u00bbid\u00bb:\u00bbcolumn_N5Ckf\u00bb,\u00bbcolumn_width\u00bb:\u00bbcol-md-6&#8243;,\u00bbanimation\u00bb:\u00bb\u00bb,\u00bbanimation_time\u00bb:\u00bb\u00bb,\u00bbtimeline_animation\u00bb:\u00bb\u00bb,\u00bbtimeline_delay\u00bb:\u00bb\u00bb,\u00bbtimeline_order\u00bb:\u00bb\u00bb,\u00bbcss_classes\u00bb:\u00bb\u00bb,\u00bbcustom_css_classes\u00bb:\u00bb\u00bb,\u00bbcustom_css_styles\u00bb:\u00bb\u00bb,\u00bbmain_content\u00bb:[{\u00abcomponent\u00bb:\u00bbhc_icon_box\u00bb,\u00bbid\u00bb:\u00bbbQ7S7&#8243;,\u00bbcss_classes\u00bb:\u00bb\u00bb,\u00bbcustom_css_classes\u00bb:\u00bb\u00bb,\u00bbcustom_css_styles\u00bb:\u00bb\u00bb,\u00bbicon\u00bb:\u00bbim-speach-bubblecomic2&#8243;,\u00bbicon_style\u00bb:\u00bb\u00bb,\u00bbicon_image\u00bb:\u00bb\u00bb,\u00bbicon_position\u00bb:\u00bbleft\u00bb,\u00bbicon_size\u00bb:\u00bbtext-l\u00bb,\u00bbtitle_size\u00bb:\u00bbtext-m\u00bb,\u00bbtext_size\u00bb:\u00bb-\u00ab,\u00bbtitle\u00bb:\u00bbIdiomas\u00bb,\u00bbsubtitle\u00bb:\u00bbLos productos intelectuales estar\u00e1n disponibles en ingl\u00e9s, espa\u00f1ol, italiano, checo y portugu\u00e9s.\u00bb},{\u00abcomponent\u00bb:\u00bbhc_space\u00bb,\u00bbid\u00bb:\u00bbR4CWd\u00bb,\u00bbcss_classes\u00bb:\u00bb\u00bb,\u00bbcustom_css_classes\u00bb:\u00bb\u00bb,\u00bbcustom_css_styles\u00bb:\u00bb\u00bb,\u00bbsize\u00bb:\u00bbs\u00bb,\u00bbheight\u00bb:\u00bb\u00bb},{\u00abcomponent\u00bb:\u00bbhc_icon_box\u00bb,\u00bbid\u00bb:\u00bbNMEmJ\u00bb,\u00bbcss_classes\u00bb:\u00bb\u00bb,\u00bbcustom_css_classes\u00bb:\u00bb\u00bb,\u00bbcustom_css_styles\u00bb:\u00bb\u00bb,\u00bbicon\u00bb:\u00bbim-laptop-phone\u00bb,\u00bbicon_style\u00bb:\u00bb\u00bb,\u00bbicon_image\u00bb:\u00bb\u00bb,\u00bbicon_position\u00bb:\u00bbleft\u00bb,\u00bbicon_size\u00bb:\u00bbtext-l\u00bb,\u00bbtitle_size\u00bb:\u00bbtext-m\u00bb,\u00bbtext_size\u00bb:\u00bb-\u00ab,\u00bbtitle\u00bb:\u00bbLibre acceso para el p\u00fablico \u00ab,\u00bbsubtitle\u00bb:\u00bbPara acceder a los materiales solo habr\u00e1 que conectarse a Internet desde cualquier dispositivo, ordenador, tableta o m\u00f3vil. \u00ab},{\u00abcomponent\u00bb:\u00bbhc_space\u00bb,\u00bbid\u00bb:\u00bbjAgH5&#8243;,\u00bbcss_classes\u00bb:\u00bb\u00bb,\u00bbcustom_css_classes\u00bb:\u00bb\u00bb,\u00bbcustom_css_styles\u00bb:\u00bb\u00bb,\u00bbsize\u00bb:\u00bbs\u00bb,\u00bbheight\u00bb:\u00bb\u00bb},{\u00abcomponent\u00bb:\u00bbhc_icon_box\u00bb,\u00bbid\u00bb:\u00bbzAv1D\u00bb,\u00bbcss_classes\u00bb:\u00bb\u00bb,\u00bbcustom_css_classes\u00bb:\u00bb\u00bb,\u00bbcustom_css_styles\u00bb:\u00bb\u00bb,\u00bbicon\u00bb:\u00bbim-happy\u00bb,\u00bbicon_style\u00bb:\u00bb\u00bb,\u00bbicon_image\u00bb:\u00bb\u00bb,\u00bbicon_position\u00bb:\u00bbleft\u00bb,\u00bbicon_size\u00bb:\u00bbtext-l\u00bb,\u00bbtitle_size\u00bb:\u00bbtext-m\u00bb,\u00bbtext_size\u00bb:\u00bb-\u00ab,\u00bbtitle\u00bb:\u00bbGratuito\u00bb,\u00bbsubtitle\u00bb:\u00bbTodos los productos estar\u00e1n a disposici\u00f3n del p\u00fablico en formato digital y de manera gratuita a trav\u00e9s de Internet, en la web del proyecto y en la plataforma VALOR para la difusi\u00f3n de resultados de proyectos Erasmus+. \u00ab},{\u00abcomponent\u00bb:\u00bbhc_space\u00bb,\u00bbid\u00bb:\u00bbpaKGt\u00bb,\u00bbcss_classes\u00bb:\u00bb\u00bb,\u00bbcustom_css_classes\u00bb:\u00bb\u00bb,\u00bbcustom_css_styles\u00bb:\u00bb\u00bb,\u00bbsize\u00bb:\u00bbs\u00bb,\u00bbheight\u00bb:\u00bb\u00bb},{\u00abcomponent\u00bb:\u00bbhc_icon_box\u00bb,\u00bbid\u00bb:\u00bbYoJDC\u00bb,\u00bbcss_classes\u00bb:\u00bb\u00bb,\u00bbcustom_css_classes\u00bb:\u00bb\u00bb,\u00bbcustom_css_styles\u00bb:\u00bb\u00bb,\u00bbicon\u00bb:\u00bbim-calendar-clock\u00bb,\u00bbicon_style\u00bb:\u00bb\u00bb,\u00bbicon_image\u00bb:\u00bb\u00bb,\u00bbicon_position\u00bb:\u00bbleft\u00bb,\u00bbicon_size\u00bb:\u00bbtext-l\u00bb,\u00bbtitle_size\u00bb:\u00bbtext-m\u00bb,\u00bbtext_size\u00bb:\u00bb-\u00ab,\u00bbtitle\u00bb:\u00bbDuraci\u00f3n de proyecto\u00bb,\u00bbsubtitle\u00bb:\u00bbFECHA INICIO: 01\/10\/17  ||  FECHA FIN: 31\/03\/2020&#8243;}]}],\u00bbsection_settings\u00bb:\u00bb\u00bb},\u00bbcolumn_fIiPt\u00bb:{\u00abid\u00bb:\u00bbcolumn_fIiPt\u00bb,\u00bbmain_content\u00bb:{\u00abcomponent\u00bb:\u00bbhc_space\u00bb,\u00bbid\u00bb:\u00bbjAgH5&#8243;,\u00bbcss_classes\u00bb:\u00bb\u00bb,\u00bbcustom_css_classes\u00bb:\u00bb\u00bb,\u00bbcustom_css_styles\u00bb:\u00bb\u00bb,\u00bbsize\u00bb:\u00bbs\u00bb,\u00bbheight\u00bb:\u00bb\u00bb}},\u00bbcolumn_qsuUP\u00bb:{\u00abid\u00bb:\u00bbcolumn_qsuUP\u00bb,\u00bbmain_content\u00bb:{\u00abcomponent\u00bb:\u00bbhc_space\u00bb,\u00bbid\u00bb:\u00bbpaKGt\u00bb,\u00bbcss_classes\u00bb:\u00bb\u00bb,\u00bbcustom_css_classes\u00bb:\u00bb\u00bb,\u00bbcustom_css_styles\u00bb:\u00bb\u00bb,\u00bbsize\u00bb:\u00bbs\u00bb,\u00bbheight\u00bb:\u00bb\u00bb}},\u00bbscripts\u00bb:{\u00ablightbox\u00bb:\u00bbjquery.magnific-popup.min.js\u00bb},\u00bbcss\u00bb:{\u00ablightbox\u00bb:\u00bbscripts\/magnific-popup.css\u00bb,\u00bbcontent_box\u00bb:\u00bbcss\/content-box.css\u00bb},\u00bbcss_page\u00bb:\u00bb\u00bb,\u00bbtemplate_setting\u00bb:{\u00absettings\u00bb:{\u00abid\u00bb:\u00bbsettings\u00bb}},\u00bbtemplate_setting_top\u00bb:{},\u00bbpage_setting\u00bb:{\u00absettings\u00bb:[\u00ablock-mode-off\u00bb]}}<\/p>\n","protected":false},"excerpt":{"rendered":"<p>{\u00abmain-title\u00bb:{\u00abcomponent\u00bb:\u00bbhc_title\u00bb,\u00bbid\u00bb:\u00bbmain-title\u00bb,\u00bbsubtitle\u00bb:\u00bb\u00bb,\u00bbtitle_content\u00bb:{\u00abcomponent\u00bb:\u00bbhc_title_base\u00bb,\u00bbid\u00bb:\u00bbtitle-base\u00bb,\u00bbimage\u00bb:\u00bbhttp:\/\/www.ecom4children.eu\/wp-content\/uploads\/2018\/04\/fondo-color-1024&#215;427.jpg|800|1920|366&#8243;,\u00bbbreadcrumbs\u00bb:false,\u00bbwhite\u00bb:false},\u00bbtitle\u00bb:\u00bbEl proyecto\u00bb},\u00bbsection_5ZtkF\u00bb:{\u00abcomponent\u00bb:\u00bbhc_section\u00bb,\u00bbid\u00bb:\u00bbsection_5ZtkF\u00bb,\u00bbsection_width\u00bb:\u00bb\u00bb,\u00bbanimation\u00bb:\u00bb\u00bb,\u00bbanimation_time\u00bb:\u00bb\u00bb,\u00bbtimeline_animation\u00bb:\u00bb\u00bb,\u00bbtimeline_delay\u00bb:\u00bb\u00bb,\u00bbtimeline_order\u00bb:\u00bb\u00bb,\u00bbvertical_row\u00bb:\u00bb\u00bb,\u00bbbox_middle\u00bb:\u00bb\u00bb,\u00bbcss_classes\u00bb:\u00bb\u00bb,\u00bbcustom_css_classes\u00bb:\u00bb\u00bb,\u00bbcustom_css_styles\u00bb:\u00bb\u00bb,\u00bbsection_content\u00bb:[{\u00abcomponent\u00bb:\u00bbhc_column\u00bb,\u00bbid\u00bb:\u00bbcolumn_zZASp\u00bb,\u00bbcolumn_width\u00bb:\u00bbcol-md-4&#8243;,\u00bbanimation\u00bb:\u00bb\u00bb,\u00bbanimation_time\u00bb:\u00bb\u00bb,\u00bbtimeline_animation\u00bb:\u00bb\u00bb,\u00bbtimeline_delay\u00bb:\u00bb\u00bb,\u00bbtimeline_order\u00bb:\u00bb\u00bb,\u00bbcss_classes\u00bb:\u00bb\u00bb,\u00bbcustom_css_classes\u00bb:\u00bb\u00bb,\u00bbcustom_css_styles\u00bb:\u00bb\u00bb,\u00bbmain_content\u00bb:[{\u00abcomponent\u00bb:\u00bbhc_content_box\u00bb,\u00bbid\u00bb:\u00bbtASW0&#8243;,\u00bbcss_classes\u00bb:\u00bb\u00bb,\u00bbcustom_css_classes\u00bb:\u00bb\u00bb,\u00bbcustom_css_styles\u00bb:\u00bb\u00bb,\u00bbimage\u00bb:\u00bb\u00bb,\u00bbtitle\u00bb:\u00bbEl proyecto\u00bb,\u00bbicon\u00bb:\u00bbim-idea-5&#8243;,\u00bbicon_style\u00bb:\u00bb\u00bb,\u00bbicon_image\u00bb:\u00bb\u00bb,\u00bbbox_style\u00bb:\u00bbtop_icon\u00bb,\u00bbboxed\u00bb:true,\u00bbboxed_inverse\u00bb:false,\u00bbbutton_text\u00bb:\u00bbErasmus+\u00bb,\u00bbbutton_style\u00bb:\u00bbcircle\u00bb,\u00bbbutton_dimensions\u00bb:\u00bb\u00bb,\u00bbbutton_animation\u00bb:false,\u00bbextra_content\u00bb:\u00bb\u00bb,\u00bbextra_content_2&#8243;:\u00bb\u00bb,\u00bbtext\u00bb:\u00bbe-COM 4 CHILDREN es un proyecto transnacional, financiado por el Programa Erasmus + de la Comisi\u00f3n Europea, que tiene como objetivo desarrollar recursos educativos abiertos TIC sobre comercio electr\u00f3nico de productos infantiles seguros, como juguetes, mobiliario infantil o art\u00edculos de puericultura. \u00ab,\u00bblink_type\u00bb:\u00bbclassic\u00bb,\u00bblightbox_animation\u00bb:\u00bb\u00bb,\u00bbcaption\u00bb:\u00bb\u00bb,\u00bbinner_caption\u00bb:false,\u00bbnew_window\u00bb:true,\u00bblink\u00bb:\u00bbhttps:\/\/ec.europa.eu\/programmes\/erasmus-plus\/projects\/eplus-project-details\/#project\/2017-1-ES01-KA202-038232&#8243;,\u00bblink_content\u00bb:[],\u00bblightbox_size\u00bb:\u00bb\u00bb,\u00bbscrollbox\u00bb:false}]},{\u00abcomponent\u00bb:\u00bbhc_column\u00bb,\u00bbid\u00bb:\u00bbcolumn_lrxDb\u00bb,\u00bbcolumn_width\u00bb:\u00bbcol-md-4&#8243;,\u00bbanimation\u00bb:\u00bb\u00bb,\u00bbanimation_time\u00bb:\u00bb\u00bb,\u00bbtimeline_animation\u00bb:\u00bb\u00bb,\u00bbtimeline_delay\u00bb:\u00bb\u00bb,\u00bbtimeline_order\u00bb:\u00bb\u00bb,\u00bbcss_classes\u00bb:\u00bb\u00bb,\u00bbcustom_css_classes\u00bb:\u00bb\u00bb,\u00bbcustom_css_styles\u00bb:\u00bb\u00bb,\u00bbmain_content\u00bb:[{\u00abcomponent\u00bb:\u00bbhc_content_box\u00bb,\u00bbid\u00bb:\u00bb7ff2K\u00bb,\u00bbcss_classes\u00bb:\u00bb\u00bb,\u00bbcustom_css_classes\u00bb:\u00bb\u00bb,\u00bbcustom_css_styles\u00bb:\u00bb\u00bb,\u00bbimage\u00bb:\u00bb\u00bb,\u00bbtitle\u00bb:\u00bbGrupos objetivo\u00bb,\u00bbicon\u00bb:\u00bbim-business-manwoman\u00bb,\u00bbicon_style\u00bb:\u00bb\u00bb,\u00bbicon_image\u00bb:\u00bb\u00bb,\u00bbbox_style\u00bb:\u00bbtop_icon\u00bb,\u00bbboxed\u00bb:true,\u00bbboxed_inverse\u00bb:false,\u00bbbutton_text\u00bb:\u00bb\u00bb,\u00bbbutton_style\u00bb:\u00bbcircle\u00bb,\u00bbbutton_dimensions\u00bb:\u00bb\u00bb,\u00bbbutton_animation\u00bb:false,\u00bbextra_content\u00bb:\u00bb\u00bb,\u00bbextra_content_2&#8243;:\u00bb\u00bb,\u00bbtext\u00bb:\u00bbEsta formaci\u00f3n ser\u00e1 complementaria a otro tipo de educaci\u00f3n formal sobre [&hellip;]<\/p>\n","protected":false},"author":2,"featured_media":0,"parent":0,"menu_order":0,"comment_status":"closed","ping_status":"closed","template":"","meta":[],"_links":{"self":[{"href":"https:\/\/www.ecom4children.eu\/es\/wp-json\/wp\/v2\/pages\/365"}],"collection":[{"href":"https:\/\/www.ecom4children.eu\/es\/wp-json\/wp\/v2\/pages"}],"about":[{"href":"https:\/\/www.ecom4children.eu\/es\/wp-json\/wp\/v2\/types\/page"}],"author":[{"embeddable":true,"href":"https:\/\/www.ecom4children.eu\/es\/wp-json\/wp\/v2\/users\/2"}],"replies":[{"embeddable":true,"href":"https:\/\/www.ecom4children.eu\/es\/wp-json\/wp\/v2\/comments?post=365"}],"version-history":[{"count":45,"href":"https:\/\/www.ecom4children.eu\/es\/wp-json\/wp\/v2\/pages\/365\/revisions"}],"predecessor-version":[{"id":1172,"href":"https:\/\/www.ecom4children.eu\/es\/wp-json\/wp\/v2\/pages\/365\/revisions\/1172"}],"wp:attachment":[{"href":"https:\/\/www.ecom4children.eu\/es\/wp-json\/wp\/v2\/media?parent=365"}],"curies":[{"name":"wp","href":"https:\/\/api.w.org\/{rel}","templated":true}]}}